{"id":3446,"date":"2019-11-27T10:12:12","date_gmt":"2019-11-27T10:12:12","guid":{"rendered":"http:\/\/xn--che-sfizio-caff-8mb.de\/?page_id=3446"},"modified":"2019-11-27T10:12:12","modified_gmt":"2019-11-27T10:12:12","slug":"datenschutz","status":"publish","type":"page","link":"http:\/\/xn--che-sfizio-caff-8mb.de\/?page_id=3446","title":{"rendered":"Datenschutz"},"content":{"rendered":"<p><strong>Datenschutzbeauftragte m\u00fcssen bestellt werden, wenn<\/strong><\/p>\n<p><span class=\"ts-muster-info\"><br \/>\na) die Verarbeitung von einer Beh\u00f6rde oder \u00f6ffentlichen Stelle durchgef\u00fchrt wird, mit Ausnahme von Gerichten, die im Rahmen ihrer justiziellen T\u00e4tigkeit handeln,<\/span><\/p>\n<p>b) die Kernt\u00e4tigkeit des Verantwortlichen in der Durchf\u00fchrung von Verarbeitungsvorg\u00e4ngen besteht, welche aufgrund ihrer Art, ihres Umfangs und\/oder ihrer Zwecke eine umfangreiche regelm\u00e4\u00dfige und systematische \u00dcberwachung von betroffenen Personen erforderlich machen, oder<\/p>\n<p>c) die Kernt\u00e4tigkeit des Verantwortlichen in der umfangreichen Verarbeitung besonderer Kategorien von Daten gem\u00e4\u00df\u00a0<a href=\"http:\/\/dsgvo-gesetz.de\/art-9-dsgvo\/\">Artikel 9 DSGVO<\/a>\u00a0oder von personenbezogenen Daten \u00fcber strafrechtliche Verurteilungen und Straftaten gem\u00e4\u00df\u00a0<a href=\"http:\/\/dsgvo-gesetz.de\/art-10-dsgvo\/\">Artikel 10 DSGVO<\/a>\u00a0besteht, oder<\/p>\n<p>d) wenn nationale Gesetze dies vorschreiben (z.B.\u00a0<strong><a href=\"https:\/\/dsgvo-gesetz.de\/bdsg-neu\/38-bdsg-neu\/\">\u00a7 38 BDSG<\/a>-Deutschland, soweit aa) Im Unternehmen in der Regel mindestens zehn Personen st\u00e4ndig mit der automatisierten Verarbeitung personenbezogener Daten besch\u00e4ftigt sind<\/strong>\u00a0(hierzu gen\u00fcgt z.B., dass ein Mitarbeiter \u00fcber ein E-Mail-Postfach verf\u00fcgt), oder unabh\u00e4ngig von der Zahl der Besch\u00e4ftigten bb) Verantwortliche Verarbeitungen vornehmen, die einer Datenschutz-Folgenabsch\u00e4tzung nach\u00a0<a href=\"http:\/\/dsgvo-gesetz.de\/art-35-dsgvo\/\">Artikel 35 DSGVO<\/a>\u00a0unterliegen, oder cc) sie personenbezogene Daten gesch\u00e4ftsm\u00e4\u00dfig zum Zweck der \u00dcbermittlung, der anonymisierten \u00dcbermittlung oder f\u00fcr Zwecke der Markt- oder Meinungsforschung verarbeiten).<br \/>\nDatenschutzbeauftragte m\u00fcssen \u00fcber die n\u00f6tige Fachkunde verf\u00fcgen (rechtlich und technisch), zuverl\u00e4ssig sein und frei von Interessenskonflikten (Inhaber, Gesch\u00e4ftsf\u00fchrer und leitende Angestellte scheiden daher als Datenschutzbeauftragte aus). Ferner ist zu beachten, dass Datenschutzbeauftragte bei der zust\u00e4ndigen Datenschutzaufsichtsbeh\u00f6rde anzumelden sind (Artikel\u00a0<a href=\"https:\/\/dsgvo-gesetz.de\/art-37-dsgvo\/\">37 Abs. 7 DSGVO<\/a>). Es d\u00fcrfen auch externe Datenschutzbeauftragte bestellt werden.<\/p>\n","protected":false},"excerpt":{"rendered":"<p>Datenschutzbeauftragte m\u00fcssen bestellt werden, wenn a) die Verarbeitung von einer Beh\u00f6rde oder \u00f6ffentlichen Stelle durchgef\u00fchrt wird, mit Ausnahme von Gerichten, die im Rahmen ihrer justiziellen T\u00e4tigkeit handeln, b) die Kernt\u00e4tigkeit des Verantwortlichen in der Durchf\u00fchrung von Verarbeitungsvorg\u00e4ngen besteht, welche aufgrund ihrer Art, ihres Umfangs und\/oder ihrer Zwecke eine umfangreiche regelm\u00e4\u00dfige und systematische \u00dcberwachung von betroffenen Personen erforderlich machen, oder c) die Kernt\u00e4tigkeit des Verantwortlichen in der umfangreichen Verarbeitung besonderer Kategorien von Daten [&hellip;]<\/p>\n","protected":false},"author":1,"featured_media":0,"parent":0,"menu_order":0,"comment_status":"closed","ping_status":"closed","template":"","meta":{"footnotes":""},"class_list":["post-3446","page","type-page","status-publish","hentry"],"_links":{"self":[{"href":"http:\/\/xn--che-sfizio-caff-8mb.de\/index.php?rest_route=\/wp\/v2\/pages\/3446","targetHints":{"allow":["GET"]}}],"collection":[{"href":"http:\/\/xn--che-sfizio-caff-8mb.de\/index.php?rest_route=\/wp\/v2\/pages"}],"about":[{"href":"http:\/\/xn--che-sfizio-caff-8mb.de\/index.php?rest_route=\/wp\/v2\/types\/page"}],"author":[{"embeddable":true,"href":"http:\/\/xn--che-sfizio-caff-8mb.de\/index.php?rest_route=\/wp\/v2\/users\/1"}],"replies":[{"embeddable":true,"href":"http:\/\/xn--che-sfizio-caff-8mb.de\/index.php?rest_route=%2Fwp%2Fv2%2Fcomments&post=3446"}],"version-history":[{"count":1,"href":"http:\/\/xn--che-sfizio-caff-8mb.de\/index.php?rest_route=\/wp\/v2\/pages\/3446\/revisions"}],"predecessor-version":[{"id":3447,"href":"http:\/\/xn--che-sfizio-caff-8mb.de\/index.php?rest_route=\/wp\/v2\/pages\/3446\/revisions\/3447"}],"wp:attachment":[{"href":"http:\/\/xn--che-sfizio-caff-8mb.de\/index.php?rest_route=%2Fwp%2Fv2%2Fmedia&parent=3446"}],"curies":[{"name":"wp","href":"https:\/\/api.w.org\/{rel}","templated":true}]}}